{"id":2377,"date":"2022-08-04T13:18:51","date_gmt":"2022-08-04T16:18:51","guid":{"rendered":"http:\/\/www.nucleoestudo.ufla.br\/petalimentos\/?page_id=2377"},"modified":"2022-08-04T13:18:51","modified_gmt":"2022-08-04T16:18:51","slug":"vi-maratona-da-engenharia-de-alimentos","status":"publish","type":"page","link":"http:\/\/www.nucleoestudo.ufla.br\/petalimentos\/vi-maratona-da-engenharia-de-alimentos\/","title":{"rendered":"VI Maratona da Engenharia de Alimentos"},"content":{"rendered":"\n<p> O Programa de Educa\u00e7\u00e3o Tutorial e o Centro Acad\u00eamico do Curso de Engenharia de Alimentos da Universidade Federal de Lavras fazem saber os crit\u00e9rios\u00a0para inscri\u00e7\u00e3o e participa\u00e7\u00e3o na VI Maratona da Engenharia de Alimentos. <\/p>\n\n\n\n<figure class=\"wp-block-table\"><table><tbody><tr><td class=\"has-text-align-center\" data-align=\"center\"><strong>ATIVIDADE<\/strong><\/td><td class=\"has-text-align-center\" data-align=\"center\"><strong>DATA<\/strong><\/td><\/tr><tr><td class=\"has-text-align-center\" data-align=\"center\">Publica\u00e7\u00e3o do edital.<\/td><td class=\"has-text-align-center\" data-align=\"center\">16\/09\/2020<\/td><\/tr><tr><td class=\"has-text-align-center\" data-align=\"center\">Per\u00edodo de inscri\u00e7\u00f5es.<\/td><td class=\"has-text-align-center\" data-align=\"center\">De\u00a0 22\/09\/2020 \u00e0s 12h00min at\u00e9 29\/09\/2020 \u00e0s 12h00min, na plataforma digital Google Forms, link disponibilizado.<\/td><\/tr><tr><td class=\"has-text-align-center\" data-align=\"center\">A\u00e7\u00e3o social.<\/td><td class=\"has-text-align-center\" data-align=\"center\">De 30\/09\/2020 at\u00e9 31\/10\/2020 \u00e0s 12h00min.<\/td><\/tr><tr><td class=\"has-text-align-center\" data-align=\"center\">VI Maratona.<\/td><td class=\"has-text-align-center\" data-align=\"center\">De 29\/10\/2020 at\u00e9 01\/11\/2020.<\/td><\/tr><tr><td class=\"has-text-align-center\" data-align=\"center\"> Palestra. <\/td><td class=\"has-text-align-center\" data-align=\"center\"> 29\/10\/2020 <\/td><\/tr><tr><td class=\"has-text-align-center\" data-align=\"center\">Postagem (Curiosidade Cient\u00edfica).<\/td><td class=\"has-text-align-center\" data-align=\"center\">30\/10\/2020<\/td><\/tr><tr><td class=\"has-text-align-center\" data-align=\"center\"> Quiz. <\/td><td class=\"has-text-align-center\" data-align=\"center\">  31\/10\/2020 \u00e0s 14h00min <\/td><\/tr><tr><td class=\"has-text-align-center\" data-align=\"center\"> Divulga\u00e7\u00e3o do resultado final e divulga\u00e7\u00e3o da premia\u00e7\u00e3o <\/td><td class=\"has-text-align-center\" data-align=\"center\">01\/11\/2020 \u00e0s 15h00min<\/td><\/tr><\/tbody><\/table><\/figure>\n<div id=\"wp_fb_like_button\" style=\"margin:5px 0;float:none;height:100px;\"><script src=\"http:\/\/connect.facebook.net\/en_US\/all.js#xfbml=1\"><\/script><fb:like href=\"http:\/\/www.nucleoestudo.ufla.br\/petalimentos\/vi-maratona-da-engenharia-de-alimentos\/\" send=\"false\" layout=\"like\" width=\"450\" show_faces=\"true\" font=\"arial\" action=\"\" colorscheme=\"light\"><\/fb:like><\/div>","protected":false},"excerpt":{"rendered":"<p>O Programa de Educa\u00e7\u00e3o Tutorial e o Centro Acad\u00eamico do Curso de Engenharia de Alimentos da Universidade Federal de Lavras fazem saber os crit\u00e9rios\u00a0para inscri\u00e7\u00e3o e participa\u00e7\u00e3o na VI Maratona da Engenharia de Alimentos. ATIVIDADE DATA Publica\u00e7\u00e3o do edital. 16\/09\/2020 Per\u00edodo de inscri\u00e7\u00f5es. De\u00a0 22\/09\/2020 \u00e0s 12h00min at\u00e9 29\/09\/2020 \u00e0s 12h00min, na plataforma digital Google &hellip; <\/p>\n<p class=\"link-more\"><a href=\"http:\/\/www.nucleoestudo.ufla.br\/petalimentos\/vi-maratona-da-engenharia-de-alimentos\/\" class=\"more-link\">Continue lendo<span class=\"screen-reader-text\"> &#8220;VI Maratona da Engenharia de Alimentos&#8221;<\/span><\/a><\/p>\n","protected":false},"author":1,"featured_media":0,"parent":0,"menu_order":0,"comment_status":"closed","ping_status":"closed","template":"","meta":{"footnotes":""},"_links":{"self":[{"href":"http:\/\/www.nucleoestudo.ufla.br\/petalimentos\/wp-json\/wp\/v2\/pages\/2377"}],"collection":[{"href":"http:\/\/www.nucleoestudo.ufla.br\/petalimentos\/wp-json\/wp\/v2\/pages"}],"about":[{"href":"http:\/\/www.nucleoestudo.ufla.br\/petalimentos\/wp-json\/wp\/v2\/types\/page"}],"author":[{"embeddable":true,"href":"http:\/\/www.nucleoestudo.ufla.br\/petalimentos\/wp-json\/wp\/v2\/users\/1"}],"replies":[{"embeddable":true,"href":"http:\/\/www.nucleoestudo.ufla.br\/petalimentos\/wp-json\/wp\/v2\/comments?post=2377"}],"version-history":[{"count":1,"href":"http:\/\/www.nucleoestudo.ufla.br\/petalimentos\/wp-json\/wp\/v2\/pages\/2377\/revisions"}],"predecessor-version":[{"id":2380,"href":"http:\/\/www.nucleoestudo.ufla.br\/petalimentos\/wp-json\/wp\/v2\/pages\/2377\/revisions\/2380"}],"wp:attachment":[{"href":"http:\/\/www.nucleoestudo.ufla.br\/petalimentos\/wp-json\/wp\/v2\/media?parent=2377"}],"curies":[{"name":"wp","href":"https:\/\/api.w.org\/{rel}","templated":true}]}}