{"id":1775,"date":"2019-03-21T15:34:35","date_gmt":"2019-03-21T18:34:35","guid":{"rendered":"http:\/\/www.dca.ufla.br\/petalimentos\/?page_id=1775"},"modified":"2022-05-25T12:42:22","modified_gmt":"2022-05-25T15:42:22","slug":"maratona2019","status":"publish","type":"page","link":"http:\/\/www.nucleoestudo.ufla.br\/petalimentos\/maratona2019\/","title":{"rendered":"V Maratona da Engenharia de Alimentos"},"content":{"rendered":"\n<p>O Programa de Educa\u00e7\u00e3o Tutorial e o Centro Acad\u00eamico do Curso de Engenharia de Alimentos da Universidade Federal de Lavras fazem saber os crit\u00e9rios&nbsp;para inscri\u00e7\u00e3o e participa\u00e7\u00e3o na V Maratona da Engenharia de Alimentos.<\/p>\n\n\n\n<p class=\"has-text-align-center\"><strong>CRONOGRAMA<\/strong><\/p>\n\n\n\n<figure class=\"wp-block-table\"><table><tbody><tr><td>\n<p style=\"text-align: center;\"><strong>ATIVIDADE<\/strong><\/p>\n<\/td><td>\n<p style=\"text-align: center;\"><strong>DATA<\/strong><\/p>\n<\/td><\/tr><tr><td>Inscri\u00e7\u00f5es para a Primeira Capacita\u00e7\u00e3o<\/td><td>00 horas do dia 15\/04\/2019 \u00e0s 16 horas do dia 23\/04\/2019 via SIG.<\/td><\/tr><tr><td>Primeira Capacita\u00e7\u00e3o<\/td><td><strong>23\/04\/2019<\/strong><\/td><\/tr><tr><td>Inscri\u00e7\u00f5es para a Segunda Capacita\u00e7\u00e3o<\/td><td>00 horas do dia 13\/05\/2019 \u00e0s 16 horas do dia 21\/05\/2019 via SIG.<\/td><\/tr><tr><td>Segunda Capacita\u00e7\u00e3o<\/td><td><strong>21\/05\/2019<\/strong><\/td><\/tr><tr><td>Inscri\u00e7\u00f5es para a Terceira Capacita\u00e7\u00e3o<\/td><td>00 horas do dia 10\/06\/2019 \u00e0s 16 horas do dia 18\/06\/2019 via SIG.<\/td><\/tr><tr><td>Terceira Capacita\u00e7\u00e3o<\/td><td><strong>18\/06\/2019<\/strong><\/td><\/tr><tr><td>Per\u00edodo de inscri\u00e7\u00f5es para a Competi\u00e7\u00e3o Esportiva<\/td><td>Ser\u00e1 divulgada nas m\u00eddias sociais do PET e do CAEAL at\u00e9 dia 31\/08\/2019<\/td><\/tr><tr><td>Per\u00edodo de inscri\u00e7\u00f5es para a Competi\u00e7\u00e3o Acad\u00eamica e submiss\u00e3o dos projetos<\/td><td>Ser\u00e1 divulgada nas m\u00eddias sociais do PET e do CAEAL at\u00e9 dia 31\/08\/2019<\/td><\/tr><tr><td>Per\u00edodo de Avalia\u00e7\u00e3o dos Projetos<\/td><td>Ser\u00e1 divulgada nas m\u00eddias sociais do PET e do CAEAL at\u00e9 dia 31\/08\/2019<\/td><\/tr><tr><td>Competi\u00e7\u00e3o Esportiva<\/td><td>Ser\u00e1 divulgada nas m\u00eddias sociais do PET e do CAEAL at\u00e9 dia 31\/08\/2019<\/td><\/tr><tr><td>Competi\u00e7\u00e3o Acad\u00eamica<\/td><td>Ser\u00e1 divulgada nas m\u00eddias sociais do PET e do CAEAL at\u00e9 dia 31\/08\/2019<\/td><\/tr><tr><td>Divulga\u00e7\u00e3o do Resultado Final<\/td><td>Ser\u00e1 divulgada nas m\u00eddias sociais do PET e do CAEAL at\u00e9 dia 31\/08\/2019<\/td><\/tr><\/tbody><\/table><\/figure>\n\n\n\n<ul><li><a href=\"https:\/\/drive.google.com\/file\/d\/1ghXl_qfmRubFSXABk7v_vPRsln1N7Cd_\/view?usp=sharing\" target=\"_blank\" rel=\"noopener noreferrer\">Edital;<\/a><\/li><li><a href=\"https:\/\/drive.google.com\/open?id=1knj0J5aMbsg5YOxVhXLkFJs5ui4V29Yx\">Modelo Projeto Escrito;<\/a><\/li><li><a href=\"https:\/\/drive.google.com\/open?id=104AHh7jNvCC33hVKSR1Gh5Ix8Dz1BIwY\">Modelo Banner;<\/a><\/li><li><a href=\"https:\/\/drive.google.com\/open?id=1fV7wlQEyV8UK5d0-nNZ_5543NA-XLfSM\">Ficha de Inscri\u00e7\u00e3o &#8211; Competi\u00e7\u00e3o Acad\u00eaminca;<\/a><\/li><li><a href=\"https:\/\/drive.google.com\/open?id=1J1zpPDd1yxAiUy-KyQ6n95EpXqj63n5F\">Ficha de Inscri\u00e7\u00e3o &#8211; Competi\u00e7\u00e3o Esportiva;<\/a><\/li><li><a href=\"https:\/\/drive.google.com\/open?id=1qAYn-U_Ail6W2u7cSQAwtgGgjAgCpImw\">Retifica\u00e7\u00e3o do Edital.<\/a><\/li><\/ul>\n<div id=\"wp_fb_like_button\" style=\"margin:5px 0;float:none;height:100px;\"><script src=\"http:\/\/connect.facebook.net\/en_US\/all.js#xfbml=1\"><\/script><fb:like href=\"http:\/\/www.nucleoestudo.ufla.br\/petalimentos\/maratona2019\/\" send=\"false\" layout=\"like\" width=\"450\" show_faces=\"true\" font=\"arial\" action=\"\" colorscheme=\"light\"><\/fb:like><\/div>","protected":false},"excerpt":{"rendered":"<p>O Programa de Educa\u00e7\u00e3o Tutorial e o Centro Acad\u00eamico do Curso de Engenharia de Alimentos da Universidade Federal de Lavras fazem saber os crit\u00e9rios&nbsp;para inscri\u00e7\u00e3o e participa\u00e7\u00e3o na V Maratona da Engenharia de Alimentos. CRONOGRAMA ATIVIDADE DATA Inscri\u00e7\u00f5es para a Primeira Capacita\u00e7\u00e3o 00 horas do dia 15\/04\/2019 \u00e0s 16 horas do dia 23\/04\/2019 via SIG. &hellip; <\/p>\n<p class=\"link-more\"><a href=\"http:\/\/www.nucleoestudo.ufla.br\/petalimentos\/maratona2019\/\" class=\"more-link\">Continue lendo<span class=\"screen-reader-text\"> &#8220;V Maratona da Engenharia de Alimentos&#8221;<\/span><\/a><\/p>\n","protected":false},"author":1,"featured_media":0,"parent":0,"menu_order":0,"comment_status":"closed","ping_status":"closed","template":"","meta":{"footnotes":""},"_links":{"self":[{"href":"http:\/\/www.nucleoestudo.ufla.br\/petalimentos\/wp-json\/wp\/v2\/pages\/1775"}],"collection":[{"href":"http:\/\/www.nucleoestudo.ufla.br\/petalimentos\/wp-json\/wp\/v2\/pages"}],"about":[{"href":"http:\/\/www.nucleoestudo.ufla.br\/petalimentos\/wp-json\/wp\/v2\/types\/page"}],"author":[{"embeddable":true,"href":"http:\/\/www.nucleoestudo.ufla.br\/petalimentos\/wp-json\/wp\/v2\/users\/1"}],"replies":[{"embeddable":true,"href":"http:\/\/www.nucleoestudo.ufla.br\/petalimentos\/wp-json\/wp\/v2\/comments?post=1775"}],"version-history":[{"count":9,"href":"http:\/\/www.nucleoestudo.ufla.br\/petalimentos\/wp-json\/wp\/v2\/pages\/1775\/revisions"}],"predecessor-version":[{"id":2339,"href":"http:\/\/www.nucleoestudo.ufla.br\/petalimentos\/wp-json\/wp\/v2\/pages\/1775\/revisions\/2339"}],"wp:attachment":[{"href":"http:\/\/www.nucleoestudo.ufla.br\/petalimentos\/wp-json\/wp\/v2\/media?parent=1775"}],"curies":[{"name":"wp","href":"https:\/\/api.w.org\/{rel}","templated":true}]}}