{"id":1675,"date":"2018-02-23T13:34:54","date_gmt":"2018-02-23T16:34:54","guid":{"rendered":"http:\/\/www.dca.ufla.br\/petalimentos\/?page_id=1675"},"modified":"2022-05-25T12:48:31","modified_gmt":"2022-05-25T15:48:31","slug":"maratona2018","status":"publish","type":"page","link":"http:\/\/www.nucleoestudo.ufla.br\/petalimentos\/maratona2018\/","title":{"rendered":"IV Maratona da Engenharia de Alimentos"},"content":{"rendered":"\n<p>O Programa de Educa\u00e7\u00e3o Tutorial e o Centro Acad\u00eamico do Curso de Engenharia de Alimentos da Universidade Federal de Lavras fazem saber os crit\u00e9rios&nbsp;para inscri\u00e7\u00e3o e participa\u00e7\u00e3o na IV Maratona da Engenharia de Alimentos.<\/p>\n\n\n\n<p class=\"has-text-align-center\"><b>CRONOGRAMA<\/b><\/p>\n\n\n\n<figure class=\"wp-block-table\"><table><tbody><tr><td class=\"has-text-align-center\" data-align=\"center\">\n<p style=\"text-align: center;\"><strong>ATIVIDADE<\/strong><\/p>\n<\/td><td class=\"has-text-align-center\" data-align=\"center\"><strong>DATA<\/strong><\/td><\/tr><tr><td class=\"has-text-align-center\" data-align=\"center\">\n<p style=\"text-align: center;\">Per\u00edodo de inscri\u00e7\u00f5es para a Competi\u00e7\u00e3o Esportiva<\/p>\n<\/td><td class=\"has-text-align-center\" data-align=\"center\">\n<p style=\"text-align: center;\">De 23\/04\/2018 at\u00e9 11\/05\/2018, na sala do Centro Acad\u00eamico de Engenharia de Alimentos<\/p>\n<\/td><\/tr><tr><td class=\"has-text-align-center\" data-align=\"center\">\n<p style=\"text-align: center;\">Per\u00edodo de inscri\u00e7\u00f5es para a Competi\u00e7\u00e3o Acad\u00eamica e submiss\u00e3o dos projetos<\/p>\n<\/td><td class=\"has-text-align-center\" data-align=\"center\">\n<p style=\"text-align: center;\">De 23\/04\/2018 at\u00e9 11\/05\/2018, na sala do PET Engenharia de Alimentos<\/p>\n<\/td><\/tr><tr><td class=\"has-text-align-center\" data-align=\"center\">\n<p style=\"text-align: center;\">Per\u00edodo de Avalia\u00e7\u00e3o dos Projetos<\/p>\n<\/td><td class=\"has-text-align-center\" data-align=\"center\">\n<p style=\"text-align: center;\">De 11\/05\/2018 at\u00e9 22\/05\/2018<\/p>\n<\/td><\/tr><tr><td class=\"has-text-align-center\" data-align=\"center\">Competi\u00e7\u00e3o Esportiva<\/td><td class=\"has-text-align-center\" data-align=\"center\">\n<p style=\"text-align: center;\">26\/05\/2018<\/p>\n<\/td><\/tr><tr><td class=\"has-text-align-center\" data-align=\"center\">\n<p style=\"text-align: center;\">Competi\u00e7\u00e3o Acad\u00eamica<\/p>\n<\/td><td class=\"has-text-align-center\" data-align=\"center\">\n<p style=\"text-align: center;\">29\/05\/2018<\/p>\n<\/td><\/tr><tr><td class=\"has-text-align-center\" data-align=\"center\">\n<p style=\"text-align: center;\">Divulga\u00e7\u00e3o do Resultado Final<\/p>\n<\/td><td class=\"has-text-align-center\" data-align=\"center\">\n<p style=\"text-align: center;\">29\/05\/2018, \u00e0s 14:30h<\/p>\n<\/td><\/tr><\/tbody><\/table><\/figure>\n\n\n\n<ul><li><a href=\"https:\/\/drive.google.com\/open?id=1Zra0gwvtXLtYauTZvosid0koxbR9tCJA\">Edital;<\/a><\/li><li><a href=\"https:\/\/drive.google.com\/file\/d\/1gdyPRcmgZmceeij4H3z6i-FZhgm_e_sb\/view?usp=sharing\">Retifica\u00e7\u00e3o do Edital<\/a><\/li><li><a href=\"https:\/\/drive.google.com\/open?id=1MQhTQTtlOMbodTEiatvcXzw_flzrleCG\">Modelo Projeto Escrito;<\/a><\/li><li><a href=\"https:\/\/drive.google.com\/open?id=18UVc2_4tlWPYd0Z8SH8lFZO98rYNeiUS\">Modelo Banner;<\/a><\/li><li><a href=\"https:\/\/drive.google.com\/open?id=1xdYtq-5DKw17J5InveptR5hHEZURy_L_\">Ficha de Inscri\u00e7\u00e3o \u2013 Competi\u00e7\u00e3o Acad\u00eamica;<\/a><\/li><li><a href=\"https:\/\/drive.google.com\/open?id=1o37LSLDSw5NQfguctWO5qL1OvYfyu2ff\">Ficha de Inscri\u00e7\u00e3o \u2013 Competi\u00e7\u00e3o Esportiva;<\/a><\/li><li><a href=\"https:\/\/drive.google.com\/open?id=1DSB5LI7UadtsfRL9piUL7OrDqje4ZInL\">Convite Confraterniza\u00e7\u00e3o<\/a>.<\/li><\/ul>\n\n\n\n<p><\/p>\n<div id=\"wp_fb_like_button\" style=\"margin:5px 0;float:none;height:100px;\"><script src=\"http:\/\/connect.facebook.net\/en_US\/all.js#xfbml=1\"><\/script><fb:like href=\"http:\/\/www.nucleoestudo.ufla.br\/petalimentos\/maratona2018\/\" send=\"false\" layout=\"like\" width=\"450\" show_faces=\"true\" font=\"arial\" action=\"\" colorscheme=\"light\"><\/fb:like><\/div>","protected":false},"excerpt":{"rendered":"<p>O Programa de Educa\u00e7\u00e3o Tutorial e o Centro Acad\u00eamico do Curso de Engenharia de Alimentos da Universidade Federal de Lavras fazem saber os crit\u00e9rios&nbsp;para inscri\u00e7\u00e3o e participa\u00e7\u00e3o na IV Maratona da Engenharia de Alimentos. CRONOGRAMA ATIVIDADE DATA Per\u00edodo de inscri\u00e7\u00f5es para a Competi\u00e7\u00e3o Esportiva De 23\/04\/2018 at\u00e9 11\/05\/2018, na sala do Centro Acad\u00eamico de Engenharia &hellip; <\/p>\n<p class=\"link-more\"><a href=\"http:\/\/www.nucleoestudo.ufla.br\/petalimentos\/maratona2018\/\" class=\"more-link\">Continue lendo<span class=\"screen-reader-text\"> &#8220;IV Maratona da Engenharia de Alimentos&#8221;<\/span><\/a><\/p>\n","protected":false},"author":1,"featured_media":0,"parent":0,"menu_order":0,"comment_status":"closed","ping_status":"closed","template":"","meta":{"footnotes":""},"_links":{"self":[{"href":"http:\/\/www.nucleoestudo.ufla.br\/petalimentos\/wp-json\/wp\/v2\/pages\/1675"}],"collection":[{"href":"http:\/\/www.nucleoestudo.ufla.br\/petalimentos\/wp-json\/wp\/v2\/pages"}],"about":[{"href":"http:\/\/www.nucleoestudo.ufla.br\/petalimentos\/wp-json\/wp\/v2\/types\/page"}],"author":[{"embeddable":true,"href":"http:\/\/www.nucleoestudo.ufla.br\/petalimentos\/wp-json\/wp\/v2\/users\/1"}],"replies":[{"embeddable":true,"href":"http:\/\/www.nucleoestudo.ufla.br\/petalimentos\/wp-json\/wp\/v2\/comments?post=1675"}],"version-history":[{"count":12,"href":"http:\/\/www.nucleoestudo.ufla.br\/petalimentos\/wp-json\/wp\/v2\/pages\/1675\/revisions"}],"predecessor-version":[{"id":2343,"href":"http:\/\/www.nucleoestudo.ufla.br\/petalimentos\/wp-json\/wp\/v2\/pages\/1675\/revisions\/2343"}],"wp:attachment":[{"href":"http:\/\/www.nucleoestudo.ufla.br\/petalimentos\/wp-json\/wp\/v2\/media?parent=1675"}],"curies":[{"name":"wp","href":"https:\/\/api.w.org\/{rel}","templated":true}]}}