{"id":158,"date":"2017-06-06T19:12:20","date_gmt":"2017-06-06T22:12:20","guid":{"rendered":"http:\/\/www.nucleoestudo.ufla.br\/nepec\/?page_id=158"},"modified":"2023-03-27T08:16:59","modified_gmt":"2023-03-27T11:16:59","slug":"concluidos","status":"publish","type":"page","link":"http:\/\/www.nucleoestudo.ufla.br\/nepec\/concluidos\/","title":{"rendered":"Conclu\u00eddos"},"content":{"rendered":"<p><strong>Efeito do uso de monensina e \/ ou suplemento de Timafeed no desempenho, metabolismo e qualidade da carne de bovinos alimentados com dietas contendo alto teor de amido &#8211; <\/strong>Gabriel de Oliveira Dam\u00e1sio.<\/p>\n<p>Dietas para bovinos em fase termina\u00e7\u00e3o cont\u00e9m uma alta densidade energ\u00e9tica resultando em uma diminui\u00e7\u00e3o no pH ruminal provocando desordens metab\u00f3licas, e resultando em redu\u00e7\u00e3o no desempenho dos animais. Com isso, o objetivo do projeto ser\u00e1 avaliar o desempenho, metabolismo, caracter\u00edsticas de carca\u00e7a, qualidade da carne e express\u00e3o g\u00eanica em novilhos Nelore alimentados com dietas contendo um aditivo padr\u00e3o (monensina) e\/ou um aditivo de libera\u00e7\u00e3o gradual de nitrog\u00eanio, ou nenhum aditivo.<\/p>\n<p><strong>Avalia\u00e7\u00e3o dos efeitos do biocarv\u00e3o sobre a fermenta\u00e7\u00e3o ruminal in vitro em uma dieta de alta propor\u00e7\u00e3o de forragem &#8211; <\/strong>J\u00falia Mara Campos de Souza.<\/p>\n<p>Estrat\u00e9gias para diminui\u00e7\u00e3o da metanog\u00eanese s\u00e3o estudadas por quest\u00f5es ambientais e tamb\u00e9m pela perda na efici\u00eancia energ\u00e9tica. Alguns exemplos de aditivos que vem sendo utilizados nesse prop\u00f3sito s\u00e3o: monensina e nitrato. Por\u00e9m, alternativas naturais v\u00eam sendo buscadas, como \u00e9 o caso do biocarv\u00e3o, que apresenta bons resultados em rela\u00e7\u00e3o \u00e0 metanog\u00eanese em situa\u00e7\u00f5es de anaerobiose. Diante disso, o objetivo do trabalho \u00e9 avaliar os efeitos do biocarv\u00e3o sobre a fermenta\u00e7\u00e3o ruminal in vitro em uma dieta de alta propor\u00e7\u00e3o de forragem em compara\u00e7\u00e3o com monensina s\u00f3dica e nitrato de am\u00f4nio c\u00e1lcico.<\/p>\n<p><strong>Effects of replacement of feed grade urea with post-ruminal release urea and its interactions with corn grain processing method (ground vs. reconstituted and ensiled) on finishing performance of Nellore cattle &#8211; <\/strong>Gabriela Dias Rezende e Igor Gomes F\u00e1vero<\/p>\n<p>O obejtivo do projeto consistiu em avaliar as intera\u00e7\u00f5es entre diferentes fontes de ureia (convencional ou de libera\u00e7\u00e3o p\u00f3s-ruminal) e os processamentos do gr\u00e3o de milho (mo\u00eddo ou reconstitu\u00eddo e ensilado) relacionados ao desempenho, digestibilidade dos nutrientes, comportamento ingestivo, metab\u00f3litos sangu\u00edneos e caracter\u00edsticas da carca\u00e7a de touros Nelore terminados em confinamento.<\/p>\n<p><strong>Supplementation of rumen-degradable protein and rumen-undegradable protein in low-quality diets for beef cows during the middle third of gestation on the performance of the dam and progeny &#8211; <\/strong>Luana Ruiz dos Santos<\/p>\n<p>Objetivou-se avaliar os efeitos da suplementa\u00e7\u00e3o rica em arginina protegida no r\u00famen para vacas durante o ter\u00e7o m\u00e9dio da gesta\u00e7\u00e3o, submetidas a uma dieta de baixo valor nutricional, sobre a forma\u00e7\u00e3o do tecido muscular esquel\u00e9tico e o desempenho da prog\u00eanie, uma vez que o uso desta suplementa\u00e7\u00e3o pode beneficiar o crescimento e desenvolvimento do tecido muscular esquel\u00e9tico e o desempenho p\u00f3s-natal da prog\u00eanie.<\/p>\n<p><strong>Efeitos da monensina e \/ ou uma mistura de diferentes fontes de \u00f3xido de magn\u00e9sio no desempenho, metabolismo, digest\u00e3o e qualidade da carne de bovinos alimentados com dietas de alto amido &#8211; <\/strong>Javier Alexander Bethancourt Garcia.<\/p>\n<p>As desordens metab\u00f3licas e a queda do pH ruminal ocasionadas pelo incremento de gr\u00e3o e concentrado nas dietas de confinamento de bovinos de corte no Brasil, tem afetado negativamente o desempenho e a qualidade da carne dos animais. Diante disso, estrat\u00e9gias como a utiliza\u00e7\u00e3o de aditivos vem sendo largamente utilizadas pelos produtores e nutricionistas, afim de contornar esse efeito problema. Nesse sentido, foi desenvolvido um estudo pelo N\u00facleo de Estudos em Pecu\u00e1ria de Corte (NEPEC), liderado pelos professores Mateus Gionbelli e Marcio Machado Ladeira em parceria com a Empresa Timac Agro e MS pecu\u00e1ria. A pesquisa tem como objetivo avaliar o efeito de um alcalinizante a base de \u00f3xido de magn\u00e9sio (pHix-up\u00ae), associada ou n\u00e3o com monensina s\u00f3dica sobre o desempenho, metabolismo ruminal, carater\u00edsticas de carca\u00e7a, qualidade da carne e express\u00e3o de genes envolvidos no metabolismo lip\u00eddico em novilhos alimentados com dietas de alto amido.<\/p>\n<p><b>Efeitos da suplementa\u00e7\u00e3o proteica materna durante o ter\u00e7o m\u00e9dio da gesta\u00e7\u00e3o sobre o desempenho, metabolismo e fisiologia da prog\u00eanie &#8211; <\/b>Karolina Batista Nascimento.<\/p>\n<p>O estudo teve como objetivo simular uma condi\u00e7\u00e3o real brasileira, em que vacas de corte gestantes passam parte da gesta\u00e7\u00e3o (ter\u00e7o m\u00e9dio e parte do ter\u00e7o final) sob condi\u00e7\u00f5es de pastagens ruins. O trabalho consiste em avaliar a utiliza\u00e7\u00e3o de uma corre\u00e7\u00e3o nutricional realizada por meio da suplementa\u00e7\u00e3o prot\u00e9ica visando melhorar o desenvolvimento da prog\u00eanie. Foram avaliados as (1) mudan\u00e7as no peso corporal, composi\u00e7\u00e3o corporal e medidas morfom\u00e9tricas; (2) altera\u00e7\u00f5es end\u00f3crinas; (3) express\u00e3o de genes (4) o consumo e digestibilidade (5) comportamento ingestivo (6) efici\u00eancia alimentar da prog\u00eanie.<\/p>\n<p><strong>Effects of crude protein supplementation during the beef cow\u2019s mid-gestation on offspring postnatal performance &#8211; <\/strong>Matheus Castilho Galv\u00e3o.<\/p>\n<p>Estudos tem mostrado que o d\u00e9ficit proteico das vacas, durante o ter\u00e7o m\u00e9dio da gesta\u00e7\u00e3o, prejudica o desenvolvimento do tecido muscular da prog\u00eanie, isso ocorre pois no ter\u00e7o m\u00e9dio da gesta\u00e7\u00e3o \u00e9 onde se tem a hiperplasia e diferencia\u00e7\u00e3o dos tipo de fibras musculares. Com isso, o objetivo do estudo \u00e9 avaliar o efeito da restri\u00e7\u00e3o proteica materna, durante o ter\u00e7o m\u00e9dio da gesta\u00e7\u00e3o, na fase p\u00f3s-parto e efeitos na prog\u00eanie.<\/p>\n<p><strong>Suplementa\u00e7\u00e3o de vacas de corte no ter\u00e7o m\u00e9dio da gesta\u00e7\u00e3o sobre a fisiologia, metabolismo e produ\u00e7\u00e3o das vacas e bezerros \u2013 Javier Andr\u00e9s Moreno Meneses, Karolina Nascimento e Matheus Galv\u00e3o.<br \/>\n<\/strong><\/p>\n<p>S\u00e3o cerca de 70 milh\u00f5es de vacas de corte no Brasil. Pelo menos 2\/3 delas s\u00e3o criadas em regi\u00f5es com esta\u00e7\u00f5es de seca e \u00e1guas claramente caracter\u00edsticas (ambiente tropical, principalmente cerrado) e passam por restri\u00e7\u00e3o nutricional (PB = 5 a 8%) no ter\u00e7o m\u00e9dio da gesta\u00e7\u00e3o. Com este projeto, poderemos verificar fisiologicamente e quantitativamente (sobre a produ\u00e7\u00e3o) o impacto da \u201ccorre\u00e7\u00e3o nutricional\u201d das vacas no momento da gesta\u00e7\u00e3o mais importante para forma\u00e7\u00e3o do tecido muscular esquel\u00e9tico.<\/p>\n<p><strong>Aspectos quantitativos da nutri\u00e7\u00e3o, fisiologia e metabolismo de vacas de corte em fun\u00e7\u00e3o do est\u00e1gio fisiol\u00f3gico \u2013 Gabriel Miranda Moreira e Gleidson Aguiar<\/strong><\/p>\n<p>Sabe-se que o avan\u00e7o da gesta\u00e7\u00e3o provoca redu\u00e7\u00e3o no consumo de alimento em f\u00eameas de ruminantes e, que durante os dias que precedem e os subsequentes ao parto, a redu\u00e7\u00e3o na ingest\u00e3o de alimentos \u00e9 ainda mais dr\u00e1stica. No entanto, a redu\u00e7\u00e3o no consumo de alimentos \u00e9 proporcionalmente menor do que a redu\u00e7\u00e3o no volume ruminal, sugerindo a atua\u00e7\u00e3o de mecanismos de compensa\u00e7\u00e3o no consumo de alimento. Tais mecanismos de compensa\u00e7\u00e3o podem estar relacionados ao ajuste da digest\u00e3o da fibra e taxa de passagem. De maneira geral, h\u00e1 poucas informa\u00e7\u00f5es sobre o efeito do tempo de gesta\u00e7\u00e3o e lacta\u00e7\u00e3o sobre o consumo, digest\u00e3o e utiliza\u00e7\u00e3o de nutrientes em vacas zebu\u00ednas de corte. N\u00e3o existem dados sobre efeito do tempo de gesta\u00e7\u00e3o e lacta\u00e7\u00e3o sobre as digestibilidade parciais da mat\u00e9ria seca e nutrientes no r\u00famen e intestino em bovinos de corte. H\u00e1 pouca informa\u00e7\u00e3o concreta sobre redu\u00e7\u00e3o do volume ruminal e modifica\u00e7\u00e3o da taxa de passagem em fun\u00e7\u00e3o do tempo de gesta\u00e7\u00e3o e lacta\u00e7\u00e3o em vacas de corte. Estudos realizados sobre esse tema n\u00e3o avaliaram a fisiologia e metabolismo animal de forma sist\u00eamica, a ponto de, com base em tais informa\u00e7\u00f5es, poder propor ajustes nos sistemas de alimenta\u00e7\u00e3o para estes animais. Dessa forma, o projeto tem por objetivo quantificar os efeitos do tempo de gesta\u00e7\u00e3o, parto e tempo de lacta\u00e7\u00e3o sobre o consumo, digest\u00e3o total, digest\u00e3o parcial (ruminal e intestinal), balan\u00e7o de uso de nutrientes, endocrinologia e metabolismo em vacas de corte. Espera-se com isso poder propor ajustes nos modelos de alimenta\u00e7\u00e3o para vacas zebu\u00ednas de corte em fun\u00e7\u00e3o das diferentes fases dos est\u00e1gios fisiol\u00f3gicos (gesta\u00e7\u00e3o e lacta\u00e7\u00e3o).<\/p>\n<p><strong>Efeitos do uso associativo de aditivos moduladores do ambiente ruminal sobre o desempenho, caracter\u00edsticas de carca\u00e7a e express\u00e3o de genes envolvidos na lipog\u00eanese em novilhos Nelore x Angus \u2013 Jos\u00e9 Maria Oliveira Junior<\/strong><\/p>\n<p>A manuten\u00e7\u00e3o das condi\u00e7\u00f5es normais do ambiente ruminal \u00e9 um dos objetivos da termina\u00e7\u00e3o de bovinos de corte, pois altera\u00e7\u00f5es, principalmente no pH, afetam a produ\u00e7\u00e3o e sa\u00fade animal. O amido \u00e9 o principal constituinte do milho e \u00e9 um carboidrato altamente ferment\u00e1vel no r\u00famen, e em raz\u00e3o disso, rapidamente ocorre a forma\u00e7\u00e3o de \u00e1cidos org\u00e2nicos, que s\u00e3o respons\u00e1veis pela queda do pH ruminal. Uma alternativa para contornar esse poss\u00edvel problema \u00e9 a utiliza\u00e7\u00e3o de aditivos moduladores da fermenta\u00e7\u00e3o ruminal, como os antibi\u00f3ticos ion\u00f3foros ou n\u00e3o-ion\u00f3foros que s\u00e3o amplamente utilizados em dietas para bovinos de corte. Portanto, o objetivo desse trabalho \u00e9 avaliar a combina\u00e7\u00e3o entre aditivos moduladores do ambiente ruminal e seus poss\u00edveis efeitos sobre o desempenho, caracter\u00edsticas de carca\u00e7a, qualidade da carne e sobre a lipog\u00eanese de novilhos F1 Nelore x Angus.<\/p>\n<p><strong>Suplementa\u00e7\u00e3o de vacas Nelore gestantes no per\u00edodo da seca e seu efeito sobre a efici\u00eancia alimentar, caracter\u00edsticas de carca\u00e7a e qualidade da carne da prog\u00eanie terminada com dietas sem ou com adi\u00e7\u00e3o de lip\u00eddeos &#8211; Germ\u00e1n Dar\u00edo Ram\u00edrez Zamudio<\/strong><\/p>\n<p>A intera\u00e7\u00e3o de estrat\u00e9gias suplementares nas vacas gestantes e a alimenta\u00e7\u00e3o da prog\u00eanie com dietas de alta densidade energ\u00e9tica usando gordura protegia durante a fase de termina\u00e7\u00e3o em confinamento, podem modificar e melhorar o desempenho, carater\u00edsticas das carca\u00e7as e qualidade da carne. Diante disso, o projeto tem como objetivo avaliar a efici\u00eancia alimentar, as caracter\u00edsticas de carca\u00e7a e a qualidade da carne de novilhos Nelore alimentados com dietas sem ou com adi\u00e7\u00e3o de lip\u00eddeos, que tiveram suas m\u00e3es suplementadas ou n\u00e3o no per\u00edodo de gesta\u00e7\u00e3o. Ademais, objetiva-se determinar as express\u00f5es g\u00eanicas de enzimas envolvidas no metabolismo lip\u00eddico destas prog\u00eanies.<\/p>\n<p><strong>Qualidade de carne e express\u00e3o de genes envolvidos na adipog\u00eanese em novilhos que receberam vitamina a ao nascimento \u2013 Felipe da Costa Maciel<\/strong><\/p>\n<p>A forma\u00e7\u00e3o da gordura intramuscular ocorre do final da gesta\u00e7\u00e3o at\u00e9 250 dias ap\u00f3s o nascimento, ou seja, para que bovinos de corte na fase de termina\u00e7\u00e3o apresentem potencial para produ\u00e7\u00e3o de carne com alto teor de gordura intramuscular \u00e9 necess\u00e1rio que ocorram est\u00edmulos para adipog\u00eanese no per\u00edodo fetal e\/ou neonatal. Com isso, o objetivo desta pesquisa ser\u00e1 avaliar a qualidade da carne e a express\u00e3o de genes envolvidos na adipog\u00eanese e lipog\u00eanese em novilhos com ou sem aplica\u00e7\u00e3o de vitamina A durante a fase neonatal.<\/p>\n<p><strong>Avalia\u00e7\u00e3o sist\u00eamica do uso de creep-feeding em sistema de produ\u00e7\u00e3o de bovinos de corte em pastejo \u2013 Matheus Castilho Galv\u00e3o<br \/>\n<\/strong><\/p>\n<p>Pesquisas envolvendo o uso de creep-feeding em sistemas de produ\u00e7\u00e3o de bovinos de corte sob pastejo t\u00eam concentrado seus esfor\u00e7os em situa\u00e7\u00f5es pontuais do ciclo de produ\u00e7\u00e3o, verificando, quase sempre, efeitos sobre o bezerro at\u00e9 o momento do desmame.<\/p>\n<p>N\u00f3s hipotetizamos que o efeito do uso de creep-feeding seja sist\u00eamico, com efeitos residuais sobre o desempenho do animal nas fases posteriores \u00e0 cria (recria e termina\u00e7\u00e3o) e tamb\u00e9m sobre a vaca. Hipotetizamos que vacas cujos bezerros recebem creep-feeding podem ter a produ\u00e7\u00e3o de leite alterada, alterando tamb\u00e9m escore de condi\u00e7\u00e3o corporal, deposi\u00e7\u00e3o de tecidos e a fun\u00e7\u00e3o reprodutiva nas esta\u00e7\u00f5es de monta posteriores (num sistema com uso repetido de creep-feeding em compara\u00e7\u00e3o a um sistema sem o uso do mesmo).<\/p>\n<p>Ser\u00e3o avaliadas vari\u00e1veis como: desempenho dos bezerros suplementados e seu efeito quanto ao g\u00eanero do bezerro (macho ou f\u00eamea), produ\u00e7\u00e3o de leite das vacas e ajuste de modelos n\u00e3o lineares para estimar a produ\u00e7\u00e3o de leite de vacas de corte (curva de lacta\u00e7\u00e3o), express\u00e3o de genes hep\u00e1ticos relacionados ao crescimento e gliconeog\u00eanese, comportamento ingestivo dos bezerros em lacta\u00e7\u00e3o.<\/p>\n<p><strong>Suplementa\u00e7\u00e3o de vacas de corte no ter\u00e7o final da gesta\u00e7\u00e3o: capta\u00e7\u00e3o de nutrientes e transcri\u00e7\u00e3o de genes no f\u00edgado, m\u00fasculo esquel\u00e9tico e tecido adiposo \u2013 Rodrigo C\u00edstolo Lopes<br \/>\n<\/strong><\/p>\n<p>Nos sistemas de produ\u00e7\u00e3o de bovinos de corte criados em regi\u00f5es tropicais, as vacas s\u00e3o muitas vezes programadas para parirem no in\u00edcio da esta\u00e7\u00e3o chuvosa, quando a disponibilidade de pastagens de qualidade \u00e9 alta. Como consequ\u00eancia, essas vacas passam a segunda metade da gesta\u00e7\u00e3o na \u00e9poca do ano em que a disponibilidade e qualidade de alimento \u00e9 pequena. Nesses casos, os n\u00edveis de prote\u00edna de pastagens tropicais s\u00e3o geralmente entre 4 e 8% da mat\u00e9ria seca.<\/p>\n<p>Assim, com base na alta demanda de amino\u00e1cidos para a fase final de gesta\u00e7\u00e3o, n\u00f3s hipotetizamos que a absor\u00e7\u00e3o de nutrientes, o metabolismo hep\u00e1tico, do tecido adiposo e muscular esquel\u00e9tico pode ser drasticamente alterado quando vacas mantidas em pastagem de baixa qualidade recebem suplementa\u00e7\u00e3o proteica no ter\u00e7o final da gesta\u00e7\u00e3o. Portanto, nossa hip\u00f3tese principal \u00e9 que as vacas gestantes suplementadas com prote\u00edna bruta no ter\u00e7o final de gesta\u00e7\u00e3o aumentam a abund\u00e2ncia de marcadores para gliconeog\u00eanese no f\u00edgado, suprimento de amino\u00e1cidos no sangue, s\u00edntese e transporte de \u00e1cidos graxos no f\u00edgado e no tecido adiposo. Al\u00e9m disso, vacas gestantes mantidas em pastagens na esta\u00e7\u00e3o seca do ano, sem suplementa\u00e7\u00e3o de prote\u00edna bruta mobilizam tecido muscular esquel\u00e9tico para suprimento \/ demanda de glicose e amino\u00e1cidos para o crescimento fetal.<\/p>\n<p>Este estudo objetiva avaliar se a suplementa\u00e7\u00e3o de vacas de corte no ter\u00e7o final de gesta\u00e7\u00e3o influencia positivamente a abund\u00e2ncia de marcadores no f\u00edgado, m\u00fasculo esquel\u00e9tico e tecido adiposo. Tamb\u00e9m objetivamos identificar poss\u00edveis mudan\u00e7as no n\u00edvel de amino\u00e1cidos circulantes em vacas de corte no ter\u00e7o final de gesta\u00e7\u00e3o em fun\u00e7\u00e3o da suplementa\u00e7\u00e3o de prote\u00edna bruta.<\/p>\n<p><strong>Qualidade de carne e express\u00e3o de genes envolvidos no metabolismo lip\u00eddico de novilhos nelore alimentados com gr\u00e3os de destilaria \u2013 Viviane Aparecida Amin Reis<br \/>\n<\/strong><\/p>\n<p>Objetiva-se avaliar os efeitos da inclus\u00e3o do gr\u00e3o seco de destilaria (DDGS), oriunda da produ\u00e7\u00e3o de etanol a partir do milho, em dietas para bovinos de corte terminados em confinamento sobre a qualidade da carne o perfil de \u00e1cidos graxos e a express\u00e3o de genes envolvidos no metabolismo lip\u00eddico no tecido destes animais. Tamb\u00e9m ser\u00e1 objetivo avaliar como este ingrediente afeta a biohidrogena\u00e7\u00e3o ruminal e o microbioma ruminal.<\/p>\n<p><strong>Desempenho, aproveitamento p\u00f3s-ruminal do amido, qualidade da carne e processos inflamat\u00f3rios em novilhos Nelore e F1 Nelore x Angus terminados com dietas de Gr\u00e3o de milho inteiro e com inclus\u00e3o de baga\u00e7o de cana \u2013 Aline de Castro Rodrigues<br \/>\n<\/strong><\/p>\n<p>Descri\u00e7\u00e3o: O presente estudo tem como objetivo avaliar a efici\u00eancia alimentar, qualidade da carne e a digestibilidade dos nutrientes de dietas sem volumoso, em novilhos Nelore e F1 Nelore x Angus terminados em confinamento e alimentados com milho gr\u00e3o inteiro e com a inclus\u00e3o de baga\u00e7o de cana. Objetivos Espec\u00edficos Verificar se h\u00e1 diferen\u00e7as no teor de amido fecal em dietas de alto gr\u00e3o, compostas por milho inteiro e com baga\u00e7o de cana bem como se h\u00e1 diferen\u00e7as nas concentra\u00e7\u00f5es fecais de amido entre animais Nelore e F1 Nelore x Angus. Analisar a atividade de \u03b1-amilase pancre\u00e1tica em novilhos terminados com este tipo de dieta. Quantificar a capacidade de absor\u00e7\u00e3o no p\u00f3s-r\u00famen de glicose oriunda do amido, em animais Nelore e F1 Nelore x Angus. Determinar a express\u00e3o g\u00eanica da prote\u00edna carreadora de glicose (SGLT1). Ocorr\u00eancia de processos inflamat\u00f3rios nos animais, causado pelas dietas.<\/p>\n","protected":false},"excerpt":{"rendered":"<p>Efeito do uso de monensina e \/ ou suplemento de Timafeed no desempenho, metabolismo e qualidade da carne de bovinos alimentados com dietas contendo alto teor de amido &#8211; Gabriel de Oliveira Dam\u00e1sio. Dietas para bovinos em fase termina\u00e7\u00e3o cont\u00e9m uma alta densidade energ\u00e9tica resultando em uma diminui\u00e7\u00e3o no pH ruminal provocando desordens metab\u00f3licas, e &hellip; <\/p>\n<p class=\"link-more\"><a href=\"http:\/\/www.nucleoestudo.ufla.br\/nepec\/concluidos\/\" class=\"more-link\">Continue lendo<span class=\"screen-reader-text\"> &#8220;Conclu\u00eddos&#8221;<\/span><\/a><\/p>\n","protected":false},"author":7,"featured_media":0,"parent":0,"menu_order":0,"comment_status":"closed","ping_status":"closed","template":"","meta":{"footnotes":""},"_links":{"self":[{"href":"http:\/\/www.nucleoestudo.ufla.br\/nepec\/wp-json\/wp\/v2\/pages\/158"}],"collection":[{"href":"http:\/\/www.nucleoestudo.ufla.br\/nepec\/wp-json\/wp\/v2\/pages"}],"about":[{"href":"http:\/\/www.nucleoestudo.ufla.br\/nepec\/wp-json\/wp\/v2\/types\/page"}],"author":[{"embeddable":true,"href":"http:\/\/www.nucleoestudo.ufla.br\/nepec\/wp-json\/wp\/v2\/users\/7"}],"replies":[{"embeddable":true,"href":"http:\/\/www.nucleoestudo.ufla.br\/nepec\/wp-json\/wp\/v2\/comments?post=158"}],"version-history":[{"count":10,"href":"http:\/\/www.nucleoestudo.ufla.br\/nepec\/wp-json\/wp\/v2\/pages\/158\/revisions"}],"predecessor-version":[{"id":1032,"href":"http:\/\/www.nucleoestudo.ufla.br\/nepec\/wp-json\/wp\/v2\/pages\/158\/revisions\/1032"}],"wp:attachment":[{"href":"http:\/\/www.nucleoestudo.ufla.br\/nepec\/wp-json\/wp\/v2\/media?parent=158"}],"curies":[{"name":"wp","href":"https:\/\/api.w.org\/{rel}","templated":true}]}}